{"id":265,"date":"2019-09-05T18:26:51","date_gmt":"2019-09-05T16:26:51","guid":{"rendered":"https:\/\/demo.themeisle.com\/neve-energy-panels\/?page_id=265"},"modified":"2020-11-25T15:44:51","modified_gmt":"2020-11-25T14:44:51","slug":"about-us","status":"publish","type":"page","link":"https:\/\/vunderatert.lu\/about-us\/","title":{"rendered":"la Coop\u00e9rative"},"content":{"rendered":"\n<p>La coop\u00e9rative Vun der Atert a \u00e9t\u00e9 fond\u00e9e en ao\u00fbt 2016 \u00e0 Beckerich \u00e0 l&#8217;initiative de la Commission de l&#8217;\u00e9conomie rurale du canton de Redange.<br>Cette initiative est compos\u00e9e d&#8217;une \u00e9quipe b\u00e9n\u00e9vole de consommateurs et de producteurs \u00e0 la recherche de nouvelles solutions et projets pour une croissance saine et respectueuse du paysage agricole r\u00e9gional. Nous avons pour objectif de d\u00e9velopper des syst\u00e8mes agroalimentaires innovants et des projets \u00e9cologiques qui nous tiennent \u00e0 c\u0153ur !<\/p>\n\n\n\n<p><strong>Notre devise : \u00e9quitable, transparente et respectueuse envers les animaux, les hommes et la nature<\/strong><\/p>\n\n\n\n<p>Avec nos projets, nous souhaitons renforcer<br>l&#8217;agriculture r\u00e9gionale, cr\u00e9er de nouveaux emplois durables et sensibiliser les habitants \u00e0 une alimentation saine et locale.<\/p>\n\n\n\n<h4>PROJETS EN COURS<\/h4>\n\n\n\n<ul><li><em>Viande Vun der Atert<\/em>, l\u2019abobox solidaire avec de la viande et de la volaille r\u00e9gionale<\/li><li><em>Jus de pomme Vun der Atert<\/em>, le pressage des pommes est r\u00e9alis\u00e9 sur commande dans notre pressoir<\/li><li><em>D\u00e9licatesse Vun der Atert<\/em>, transformation de produits<br>r\u00e9alis\u00e9 par Op der Schock<\/li><li><em>Z\u00e4itgem\u00e9is<\/em>, les l\u00e9gumes de saison Vun der Atert<\/li><\/ul>\n\n\n\n<h4>Projets en gestation<\/h4>\n\n\n\n<ul><li>Bl\u00e9 Vun der Atert: anciennes vari\u00e9t\u00e9s de bl\u00e9<\/li><li>Ressourcerie Vun der Atert<\/li><li>Conserverie Vun der Atert<\/li><\/ul>\n\n\n\n<h4>Vun der Atert est membre de<\/h4>\n\n\n\n<ul><li><em>De K\u00e4r asbl<\/em> &#8211; <a rel=\"noreferrer noopener\" href=\"http:\/\/www.beki.lu\/\" target=\"_blank\">beki.lu<\/a><br>Favoriser la diffusion du BEKI, notre monnaie r\u00e9gionale.<\/li><li><em>SEED<\/em> &#8211; <a rel=\"noreferrer noopener\" href=\"http:\/\/seed-net.lu\" target=\"_blank\">seed-net.lu<\/a><br>Semences pour l\u2019Entretien et l\u2019\u00c9volution de la Diversit\u00e9<\/li><li><em>Solawi <\/em>&#8211; <a rel=\"noreferrer noopener\" href=\"http:\/\/solawi.lu\" target=\"_blank\">solawi.lu<\/a><br>R\u00e9seau pour une agriculture solidaire au Luxembourg<\/li><li>Gringgo &#8211; <a rel=\"noreferrer noopener\" href=\"http:\/\/gringgo.lu\" target=\"_blank\">gringgo.lu<\/a><br>Plate-forme pour le commerce \u00e9quitable dans le Canton de Redange<\/li><\/ul>\n\n\n\n<figure class=\"wp-block-image alignfull size-large\"><img decoding=\"async\" src=\"https:\/\/images.squarespace-cdn.com\/content\/v1\/585122e08419c245757865dd\/1573059567337-O96X3LPTMNS14R7NOWCJ\/ke17ZwdGBToddI8pDm48kARvBcbVaOfyOWy9ocoCf6QUqsxRUqqbr1mOJYKfIPR7LoDQ9mXPOjoJoqy81S2I8N_N4V1vUb5AoIIIbLZhVYwL8IeDg6_3B-BRuF4nNrNcQkVuAT7tdErd0wQFEGFSnKrWQydLCflnsiGSwl_JNdF_iQ__ffgJ6_BT-zrOwncQ2jdqbqBQ_glx3rYcHB7o7Q\/Capture+d%E2%80%99%C3%A9cran+2019-11-06+%C3%A0+17.59.03.png?format=1500w\" alt=\"\"\/><\/figure>\n\n\n\n<p class=\"has-text-align-center\">Vun der Atert S.C.  |  6 Jos Seylerstrooss L-8522 Biekerich<br>vunderatert@gmail.com  |  T 661 349 189<\/p>\n","protected":false},"excerpt":{"rendered":"<p>La coop\u00e9rative Vun der Atert a \u00e9t\u00e9 fond\u00e9e en ao\u00fbt 2016 \u00e0 Beckerich \u00e0 l&#8217;initiative de la Commission de l&#8217;\u00e9conomie rurale du canton de Redange.Cette initiative est compos\u00e9e d&#8217;une \u00e9quipe b\u00e9n\u00e9vole de consommateurs et de producteurs \u00e0 la recherche de nouvelles solutions et projets pour une croissance saine et respectueuse du paysage agricole r\u00e9gional. Nous&hellip;&nbsp;<a href=\"https:\/\/vunderatert.lu\/about-us\/\" class=\"\" rel=\"bookmark\">Read More &raquo;<span class=\"screen-reader-text\">la Coop\u00e9rative<\/span><\/a><\/p>\n","protected":false},"author":1,"featured_media":449,"parent":0,"menu_order":0,"comment_status":"closed","ping_status":"closed","template":"","meta":{"neve_meta_sidebar":"","neve_meta_container":"","neve_meta_enable_content_width":"off","neve_meta_content_width":0,"neve_meta_title_alignment":"","neve_meta_author_avatar":"","neve_post_elements_order":"","neve_meta_disable_header":"","neve_meta_disable_footer":"","neve_meta_disable_title":"","_themeisle_gutenberg_block_has_review":false},"_links":{"self":[{"href":"https:\/\/vunderatert.lu\/wp-json\/wp\/v2\/pages\/265"}],"collection":[{"href":"https:\/\/vunderatert.lu\/wp-json\/wp\/v2\/pages"}],"about":[{"href":"https:\/\/vunderatert.lu\/wp-json\/wp\/v2\/types\/page"}],"author":[{"embeddable":true,"href":"https:\/\/vunderatert.lu\/wp-json\/wp\/v2\/users\/1"}],"replies":[{"embeddable":true,"href":"https:\/\/vunderatert.lu\/wp-json\/wp\/v2\/comments?post=265"}],"version-history":[{"count":0,"href":"https:\/\/vunderatert.lu\/wp-json\/wp\/v2\/pages\/265\/revisions"}],"wp:featuredmedia":[{"embeddable":true,"href":"https:\/\/vunderatert.lu\/wp-json\/wp\/v2\/media\/449"}],"wp:attachment":[{"href":"https:\/\/vunderatert.lu\/wp-json\/wp\/v2\/media?parent=265"}],"curies":[{"name":"wp","href":"https:\/\/api.w.org\/{rel}","templated":true}]}}