{"id":265,"date":"2019-09-05T18:26:51","date_gmt":"2019-09-05T16:26:51","guid":{"rendered":"https:\/\/demo.themeisle.com\/neve-energy-panels\/?page_id=265"},"modified":"2020-11-25T15:44:51","modified_gmt":"2020-11-25T14:44:51","slug":"about-us","status":"publish","type":"page","link":"https:\/\/vunderatert.lu\/about-us\/","title":{"rendered":"Philosophie"},"content":{"rendered":"<p>D\u2018Kooperativ Vun der Atert, mat S\u00ebtz an der Gemeng Biekerech, an am August 2016 gegr\u00ebnnt aus enger Initiativ eraus vun der Kommissioun d\u2019Economie Rurale, besteet aus enger benevoller Ekipp vu Konsumenten a Produzenten aus dem R\u00e9idener Kanton, d\u00e9i no Wee\u00ebr a L\u00e9isunge sichen, fir de natierlechen a gesonde Wuesstem an eiser Regioun ronder\u00ebm d\u2019Atert ze f\u00ebrderen an d\u00e9i landwirtschaftlech gep\u00e4\u00e4gte Landschaft duerch eis Projeten ze sch\u00fctzen. Mir entw\u00e9ckelen z\u00e4itgem\u00e9iss Ernierungssystemer, respektiv \u00f6koagrologesch Projeten, d\u00e9i op eiser M\u00ebscht gewuess sinn!<\/p>\n<p><strong>Eise Leitmotiv: fair, transparent an am Respekt fir D\u00e9ier, M\u00ebnsch &amp; Natur<\/strong><\/p>\n<p>Duerch eis Projete schafe mir g\u00e4re Stabilit\u00e9it an eiser regionaler Landwirtschaft, nei a liewensw\u00e4ert Aarbechtsplazen, esou w\u00e9ii och e neit Bewosstsinn fir natierlech Liewensm\u00ebttel.<\/p>\n<h4>AKTUELL PROJETEN<\/h4>\n<ul>\n<li><em>Fleesch Vun der Atert<\/em>, d\u00e9ii solidaresch Abobox mat regionalem Fleesch &amp; Gefligel<\/li>\n<li><em>Viz Vun der Atert<\/em>, eis Vizerei, d\u00e9i op Commande Viz presst an af\u00ebllt<\/li>\n<li><em>Eng Delikatess Vun der Atert<\/em>, made by ODS<\/li>\n<li><em>Z\u00e4itgem\u00e9is<\/em>, Gem\u00e9is op Wonsch vun Iech an engem Kuerf zesummegestallt<\/li>\n<\/ul>\n<h4>Projeten a Planung<\/h4>\n<ul>\n<li>Bl\u00e9 Vun der Atert<\/li>\n<li>Ressourcerie Vun der Atert<\/li>\n<li>Conserverie Vun der Atert<\/li>\n<\/ul>\n<h4>Vun der Atert ass member vun<\/h4>\n<ul>\n<li><em>De K\u00e4r asbl<\/em>\u00a0\u2013\u00a0<a href=\"http:\/\/www.beki.lu\/\" target=\"_blank\" rel=\"noreferrer noopener\">beki.lu<\/a><br \/>\nRegionalgeld vum R\u00e9idener Kanton<\/li>\n<li><em>SEED<\/em>\u00a0\u2013\u00a0<a href=\"http:\/\/seed-net.lu\/\" target=\"_blank\" rel=\"noreferrer noopener\">seed-net.lu<\/a><br \/>\nSemences pour l\u2019Entretien et l\u2019\u00c9volution de la Diversit\u00e9<\/li>\n<li><em>Solawi\u00a0<\/em>\u2013\u00a0<a href=\"http:\/\/solawi.lu\/\" target=\"_blank\" rel=\"noreferrer noopener\">solawi.lu<\/a><br \/>\nNetzwierk fir d\u2019solidaresch Landwirtschaft zu L\u00ebtzebuerg<\/li>\n<li>Gringgo \u2013\u00a0<a href=\"http:\/\/gringgo.lu\/\" target=\"_blank\" rel=\"noreferrer noopener\">gringgo.lu<\/a><br \/>\nPlattform fir fairen Handel am Westen<\/li>\n<\/ul>\n","protected":false},"excerpt":{"rendered":"<p>D\u2018Kooperativ Vun der Atert, mat S\u00ebtz an der Gemeng Biekerech, an am August 2016 gegr\u00ebnnt aus enger Initiativ eraus vun der Kommissioun d\u2019Economie Rurale, besteet aus enger benevoller Ekipp vu Konsumenten a Produzenten aus dem R\u00e9idener Kanton, d\u00e9i no Wee\u00ebr a L\u00e9isunge sichen, fir de natierlechen a gesonde Wuesstem an eiser Regioun ronder\u00ebm d\u2019Atert ze&hellip;&nbsp;<a href=\"https:\/\/vunderatert.lu\/about-us\/\" class=\"\" rel=\"bookmark\">Weiterlesen &raquo;<span class=\"screen-reader-text\">Philosophie<\/span><\/a><\/p>\n","protected":false},"author":1,"featured_media":449,"parent":0,"menu_order":0,"comment_status":"closed","ping_status":"closed","template":"","meta":{"neve_meta_sidebar":"","neve_meta_container":"","neve_meta_enable_content_width":"off","neve_meta_content_width":0,"neve_meta_title_alignment":"","neve_meta_author_avatar":"","neve_post_elements_order":"","neve_meta_disable_header":"","neve_meta_disable_footer":"","neve_meta_disable_title":"","_themeisle_gutenberg_block_has_review":false},"_links":{"self":[{"href":"https:\/\/vunderatert.lu\/wp-json\/wp\/v2\/pages\/265"}],"collection":[{"href":"https:\/\/vunderatert.lu\/wp-json\/wp\/v2\/pages"}],"about":[{"href":"https:\/\/vunderatert.lu\/wp-json\/wp\/v2\/types\/page"}],"author":[{"embeddable":true,"href":"https:\/\/vunderatert.lu\/wp-json\/wp\/v2\/users\/1"}],"replies":[{"embeddable":true,"href":"https:\/\/vunderatert.lu\/wp-json\/wp\/v2\/comments?post=265"}],"version-history":[{"count":0,"href":"https:\/\/vunderatert.lu\/wp-json\/wp\/v2\/pages\/265\/revisions"}],"wp:featuredmedia":[{"embeddable":true,"href":"https:\/\/vunderatert.lu\/wp-json\/wp\/v2\/media\/449"}],"wp:attachment":[{"href":"https:\/\/vunderatert.lu\/wp-json\/wp\/v2\/media?parent=265"}],"curies":[{"name":"wp","href":"https:\/\/api.w.org\/{rel}","templated":true}]}}